{"id":1278,"date":"2021-05-18T09:32:23","date_gmt":"2021-05-18T09:32:23","guid":{"rendered":"https:\/\/fzentrum.pl\/aktuelles\/"},"modified":"2023-03-24T07:27:36","modified_gmt":"2023-03-24T07:27:36","slug":"aktuelles","status":"publish","type":"page","link":"https:\/\/fzentrum.pl\/de\/aktuelles\/","title":{"rendered":"Aktuelles"},"content":{"rendered":"\t\t<div data-elementor-type=\"wp-page\" data-elementor-id=\"1278\" class=\"elementor elementor-1278 elementor-520\" data-elementor-post-type=\"page\">\n\t\t\t\t\t\t<section class=\"elementor-section elementor-top-section elementor-element elementor-element-dae7b60 elementor-section-full_width elementor-section-height-default elementor-section-height-default\" data-id=\"dae7b60\" data-element_type=\"section\" data-settings=\"{&quot;background_background&quot;:&quot;classic&quot;}\">\n\t\t\t\t\t\t<div class=\"elementor-container elementor-column-gap-no\">\n\t\t\t\t\t<div class=\"elementor-column elementor-col-100 elementor-top-column elementor-element elementor-element-ead586f\" data-id=\"ead586f\" data-element_type=\"column\">\n\t\t\t<div class=\"elementor-widget-wrap elementor-element-populated\">\n\t\t\t\t\t\t<section class=\"elementor-section elementor-inner-section elementor-element elementor-element-34c5ff9 elementor-section-boxed elementor-section-height-default elementor-section-height-default\" data-id=\"34c5ff9\" data-element_type=\"section\">\n\t\t\t\t\t\t<div class=\"elementor-container elementor-column-gap-no\">\n\t\t\t\t\t<div class=\"elementor-column elementor-col-50 elementor-inner-column elementor-element elementor-element-bb5c683\" data-id=\"bb5c683\" data-element_type=\"column\">\n\t\t\t<div class=\"elementor-widget-wrap elementor-element-populated\">\n\t\t\t\t\t\t<div class=\"elementor-element elementor-element-ea52f61 elementor-widget elementor-widget-heading\" data-id=\"ea52f61\" data-element_type=\"widget\" data-widget_type=\"heading.default\">\n\t\t\t\t<div class=\"elementor-widget-container\">\n\t\t\t\t\t<h5 class=\"elementor-heading-title elementor-size-default\">Aktuelles<\/h5>\t\t\t\t<\/div>\n\t\t\t\t<\/div>\n\t\t\t\t<div class=\"elementor-element elementor-element-fe2e132 elementor-widget-divider--view-line elementor-widget elementor-widget-divider\" data-id=\"fe2e132\" data-element_type=\"widget\" data-widget_type=\"divider.default\">\n\t\t\t\t<div class=\"elementor-widget-container\">\n\t\t\t\t\t\t\t<div class=\"elementor-divider\">\n\t\t\t<span class=\"elementor-divider-separator\">\n\t\t\t\t\t\t<\/span>\n\t\t<\/div>\n\t\t\t\t\t\t<\/div>\n\t\t\t\t<\/div>\n\t\t\t\t<div class=\"elementor-element elementor-element-a6abc1c elementor-widget elementor-widget-heading\" data-id=\"a6abc1c\" data-element_type=\"widget\" data-widget_type=\"heading.default\">\n\t\t\t\t<div class=\"elementor-widget-container\">\n\t\t\t\t\t<h2 class=\"elementor-heading-title elementor-size-default\">Bleiben Sie <br> auf dem <span class=\"header-font\">Laufenden<\/span><\/h2>\t\t\t\t<\/div>\n\t\t\t\t<\/div>\n\t\t\t\t<div class=\"elementor-element elementor-element-059423a elementor-widget elementor-widget-spacer\" data-id=\"059423a\" data-element_type=\"widget\" data-widget_type=\"spacer.default\">\n\t\t\t\t<div class=\"elementor-widget-container\">\n\t\t\t\t\t\t\t<div class=\"elementor-spacer\">\n\t\t\t<div class=\"elementor-spacer-inner\"><\/div>\n\t\t<\/div>\n\t\t\t\t\t\t<\/div>\n\t\t\t\t<\/div>\n\t\t\t\t<div class=\"elementor-element elementor-element-9bfbdab elementor-widget elementor-widget-text-editor\" data-id=\"9bfbdab\" data-element_type=\"widget\" data-widget_type=\"text-editor.default\">\n\t\t\t\t<div class=\"elementor-widget-container\">\n\t\t\t\t\t\t\t\t\t<p>Besuchen Sie unser Facebook-Profil, klicken Sie auf &#8222;Gef\u00e4llt mir&#8220; und verfolgen Sie unsere News! <br \/><a href=\"https:\/\/www.facebook.com\/fzentrum\">https:\/\/www.facebook.com\/fzentrum<\/a><\/p>\t\t\t\t\t\t\t\t<\/div>\n\t\t\t\t<\/div>\n\t\t\t\t\t<\/div>\n\t\t<\/div>\n\t\t\t\t<div class=\"elementor-column elementor-col-50 elementor-inner-column elementor-element elementor-element-11d4ef3\" data-id=\"11d4ef3\" data-element_type=\"column\">\n\t\t\t<div class=\"elementor-widget-wrap elementor-element-populated\">\n\t\t\t\t\t\t<div class=\"elementor-element elementor-element-3e93f11 elementor-widget elementor-widget-image\" data-id=\"3e93f11\" data-element_type=\"widget\" data-widget_type=\"image.default\">\n\t\t\t\t<div class=\"elementor-widget-container\">\n\t\t\t\t\t\t\t\t\t\t\t\t\t\t\t<img fetchpriority=\"high\" decoding=\"async\" width=\"316\" height=\"316\" src=\"https:\/\/fzentrum.pl\/wp-content\/uploads\/2020\/11\/chat.png\" class=\"attachment-full size-full wp-image-1214\" alt=\"\" srcset=\"https:\/\/fzentrum.pl\/wp-content\/uploads\/2020\/11\/chat.png 316w, https:\/\/fzentrum.pl\/wp-content\/uploads\/2020\/11\/chat-300x300.png 300w, https:\/\/fzentrum.pl\/wp-content\/uploads\/2020\/11\/chat-150x150.png 150w\" sizes=\"(max-width: 316px) 100vw, 316px\" \/>\t\t\t\t\t\t\t\t\t\t\t\t\t\t\t<\/div>\n\t\t\t\t<\/div>\n\t\t\t\t\t<\/div>\n\t\t<\/div>\n\t\t\t\t\t<\/div>\n\t\t<\/section>\n\t\t\t\t\t<\/div>\n\t\t<\/div>\n\t\t\t\t\t<\/div>\n\t\t<\/section>\n\t\t\t\t<section class=\"elementor-section elementor-top-section elementor-element elementor-element-d2b783b elementor-section-full_width elementor-section-height-default elementor-section-height-default\" data-id=\"d2b783b\" data-element_type=\"section\" data-settings=\"{&quot;background_background&quot;:&quot;classic&quot;}\">\n\t\t\t\t\t\t<div class=\"elementor-container elementor-column-gap-no\">\n\t\t\t\t\t<div class=\"elementor-column elementor-col-100 elementor-top-column elementor-element elementor-element-b4375b6\" data-id=\"b4375b6\" data-element_type=\"column\">\n\t\t\t<div class=\"elementor-widget-wrap elementor-element-populated\">\n\t\t\t\t\t\t<section class=\"elementor-section elementor-inner-section elementor-element elementor-element-5d230c8 elementor-section-boxed elementor-section-height-default elementor-section-height-default\" data-id=\"5d230c8\" data-element_type=\"section\">\n\t\t\t\t\t\t<div class=\"elementor-container elementor-column-gap-default\">\n\t\t\t\t\t<div class=\"elementor-column elementor-col-66 elementor-inner-column elementor-element elementor-element-2e1e89c\" data-id=\"2e1e89c\" data-element_type=\"column\">\n\t\t\t<div class=\"elementor-widget-wrap elementor-element-populated\">\n\t\t\t\t\t\t<div class=\"elementor-element elementor-element-a491f81 elementor-grid-2 elementor-grid-tablet-2 elementor-grid-mobile-1 elementor-posts--thumbnail-top elementor-widget elementor-widget-posts\" data-id=\"a491f81\" data-element_type=\"widget\" data-settings=\"{&quot;classic_columns&quot;:&quot;2&quot;,&quot;pagination_type&quot;:&quot;numbers&quot;,&quot;classic_columns_tablet&quot;:&quot;2&quot;,&quot;classic_columns_mobile&quot;:&quot;1&quot;,&quot;classic_row_gap&quot;:{&quot;unit&quot;:&quot;px&quot;,&quot;size&quot;:35,&quot;sizes&quot;:[]},&quot;classic_row_gap_tablet&quot;:{&quot;unit&quot;:&quot;px&quot;,&quot;size&quot;:&quot;&quot;,&quot;sizes&quot;:[]},&quot;classic_row_gap_mobile&quot;:{&quot;unit&quot;:&quot;px&quot;,&quot;size&quot;:&quot;&quot;,&quot;sizes&quot;:[]}}\" data-widget_type=\"posts.classic\">\n\t\t\t\t<div class=\"elementor-widget-container\">\n\t\t\t\t\t\t\t<div class=\"elementor-posts-container elementor-posts elementor-posts--skin-classic elementor-grid\">\n\t\t\t\t<article class=\"elementor-post elementor-grid-item post-3736 post type-post status-publish format-standard has-post-thumbnail hentry category-unkategorisiert\">\n\t\t\t\t<a class=\"elementor-post__thumbnail__link\" href=\"https:\/\/fzentrum.pl\/de\/einladung-fur-konferenz\/\" tabindex=\"-1\" >\n\t\t\t<div class=\"elementor-post__thumbnail\"><img decoding=\"async\" width=\"707\" height=\"183\" src=\"https:\/\/fzentrum.pl\/wp-content\/uploads\/2026\/03\/646370222_1408675501300732_8626641005572927541_n.jpg\" class=\"attachment-full size-full wp-image-3734\" alt=\"\" \/><\/div>\n\t\t<\/a>\n\t\t\t\t<div class=\"elementor-post__text\">\n\t\t\t\t<h3 class=\"elementor-post__title\">\n\t\t\t<a href=\"https:\/\/fzentrum.pl\/de\/einladung-fur-konferenz\/\" >\n\t\t\t\tEinladung fur Konferenz\t\t\t<\/a>\n\t\t<\/h3>\n\t\t\t\t<div class=\"elementor-post__meta-data\">\n\t\t\t\t\t<span class=\"elementor-post-date\">\n\t\t\tM\u00e4rz 26, 2026\t\t<\/span>\n\t\t\t\t<\/div>\n\t\t\t\t<div class=\"elementor-post__excerpt\">\n\t\t\t<p>Das Institut f\u00fcr donauschw\u00e4bische Geschichte und Landeskunde veranstaltet vom 08.10.2026 bis zum 10.10.2026 in T\u00fcbingen (Deutschland) eine Jahrestagung zum Thema: \u201eErinnerung \u2013 Tradierung \u2013 Mobilit\u00e4t.<\/p>\n\t\t<\/div>\n\t\t\n\t\t<a class=\"elementor-post__read-more\" href=\"https:\/\/fzentrum.pl\/de\/einladung-fur-konferenz\/\" aria-label=\"Mehr \u00fcber Einladung fur Konferenz\" tabindex=\"-1\" >\n\t\t\tLesen Sie mehr \u00bb\t\t<\/a>\n\n\t\t\t\t<\/div>\n\t\t\t\t<\/article>\n\t\t\t\t<article class=\"elementor-post elementor-grid-item post-3730 post type-post status-publish format-standard has-post-thumbnail hentry category-unkategorisiert\">\n\t\t\t\t<a class=\"elementor-post__thumbnail__link\" href=\"https:\/\/fzentrum.pl\/de\/vertraege-mit-dem-ministerium-fuer-inneres-und-verwaltung\/\" tabindex=\"-1\" >\n\t\t\t<div class=\"elementor-post__thumbnail\"><img decoding=\"async\" width=\"1280\" height=\"853\" src=\"https:\/\/fzentrum.pl\/wp-content\/uploads\/2026\/03\/650180403_1415354203966195_8785926913293814200_n.jpg\" class=\"attachment-full size-full wp-image-3728\" alt=\"\" srcset=\"https:\/\/fzentrum.pl\/wp-content\/uploads\/2026\/03\/650180403_1415354203966195_8785926913293814200_n.jpg 1280w, https:\/\/fzentrum.pl\/wp-content\/uploads\/2026\/03\/650180403_1415354203966195_8785926913293814200_n-768x512.jpg 768w\" sizes=\"(max-width: 1280px) 100vw, 1280px\" \/><\/div>\n\t\t<\/a>\n\t\t\t\t<div class=\"elementor-post__text\">\n\t\t\t\t<h3 class=\"elementor-post__title\">\n\t\t\t<a href=\"https:\/\/fzentrum.pl\/de\/vertraege-mit-dem-ministerium-fuer-inneres-und-verwaltung\/\" >\n\t\t\t\tVertr\u00e4ge mit dem Ministerium f\u00fcr Inneres und Verwaltung\t\t\t<\/a>\n\t\t<\/h3>\n\t\t\t\t<div class=\"elementor-post__meta-data\">\n\t\t\t\t\t<span class=\"elementor-post-date\">\n\t\t\tM\u00e4rz 26, 2026\t\t<\/span>\n\t\t\t\t<\/div>\n\t\t\t\t<div class=\"elementor-post__excerpt\">\n\t\t\t<p>Wir freuen uns, Ihnen mitteilen zu k\u00f6nnen, dass das Forschungszentrum der Deutschen Minderheit am 12. M\u00e4rz 2026 die Vertr\u00e4ge Nr. 5-23\/WMNiE\/2026 und 5-24\/WMNiE\/2026 mit dem<\/p>\n\t\t<\/div>\n\t\t\n\t\t<a class=\"elementor-post__read-more\" href=\"https:\/\/fzentrum.pl\/de\/vertraege-mit-dem-ministerium-fuer-inneres-und-verwaltung\/\" aria-label=\"Mehr \u00fcber Vertr\u00e4ge mit dem Ministerium f\u00fcr Inneres und Verwaltung\" tabindex=\"-1\" >\n\t\t\tLesen Sie mehr \u00bb\t\t<\/a>\n\n\t\t\t\t<\/div>\n\t\t\t\t<\/article>\n\t\t\t\t<article class=\"elementor-post elementor-grid-item post-3724 post type-post status-publish format-standard has-post-thumbnail hentry category-unkategorisiert\">\n\t\t\t\t<a class=\"elementor-post__thumbnail__link\" href=\"https:\/\/fzentrum.pl\/de\/wettbewerb-forschungsprojekte-fuer-junge-nachwuchswissenschaftler-2026\/\" tabindex=\"-1\" >\n\t\t\t<div class=\"elementor-post__thumbnail\"><img loading=\"lazy\" decoding=\"async\" width=\"2560\" height=\"1919\" src=\"https:\/\/fzentrum.pl\/wp-content\/uploads\/2026\/03\/konkurs-scaled.jpg\" class=\"attachment-full size-full wp-image-3704\" alt=\"\" srcset=\"https:\/\/fzentrum.pl\/wp-content\/uploads\/2026\/03\/konkurs-scaled.jpg 2560w, https:\/\/fzentrum.pl\/wp-content\/uploads\/2026\/03\/konkurs-768x576.jpg 768w, https:\/\/fzentrum.pl\/wp-content\/uploads\/2026\/03\/konkurs-1536x1151.jpg 1536w, https:\/\/fzentrum.pl\/wp-content\/uploads\/2026\/03\/konkurs-2048x1535.jpg 2048w\" sizes=\"(max-width: 2560px) 100vw, 2560px\" \/><\/div>\n\t\t<\/a>\n\t\t\t\t<div class=\"elementor-post__text\">\n\t\t\t\t<h3 class=\"elementor-post__title\">\n\t\t\t<a href=\"https:\/\/fzentrum.pl\/de\/wettbewerb-forschungsprojekte-fuer-junge-nachwuchswissenschaftler-2026\/\" >\n\t\t\t\tWettbewerb &#8211; Forschungsprojekte f\u00fcr junge Nachwuchswissenschaftler 2026\t\t\t<\/a>\n\t\t<\/h3>\n\t\t\t\t<div class=\"elementor-post__meta-data\">\n\t\t\t\t\t<span class=\"elementor-post-date\">\n\t\t\tM\u00e4rz 26, 2026\t\t<\/span>\n\t\t\t\t<\/div>\n\t\t\t\t<div class=\"elementor-post__excerpt\">\n\t\t\t<p>Das Forschungszentrum der Deutschen Minderheit ruft einen Wettbewerb f\u00fcr die Realisierung von Forschungsprojekten aus. Der Wettbewerb richtet sich an Personen, die wissenschaftliche Forschungen betreiben, darunter<\/p>\n\t\t<\/div>\n\t\t\n\t\t<a class=\"elementor-post__read-more\" href=\"https:\/\/fzentrum.pl\/de\/wettbewerb-forschungsprojekte-fuer-junge-nachwuchswissenschaftler-2026\/\" aria-label=\"Mehr \u00fcber Wettbewerb &#8211; Forschungsprojekte f\u00fcr junge Nachwuchswissenschaftler 2026\" tabindex=\"-1\" >\n\t\t\tLesen Sie mehr \u00bb\t\t<\/a>\n\n\t\t\t\t<\/div>\n\t\t\t\t<\/article>\n\t\t\t\t<article class=\"elementor-post elementor-grid-item post-3722 post type-post status-publish format-standard has-post-thumbnail hentry category-unkategorisiert\">\n\t\t\t\t<a class=\"elementor-post__thumbnail__link\" href=\"https:\/\/fzentrum.pl\/de\/autorentreffen-mit-dr-sebastian-rosenbaum\/\" tabindex=\"-1\" >\n\t\t\t<div class=\"elementor-post__thumbnail\"><img loading=\"lazy\" decoding=\"async\" width=\"2560\" height=\"1707\" src=\"https:\/\/fzentrum.pl\/wp-content\/uploads\/2026\/03\/zloty-wyklad-strona-scaled.jpg\" class=\"attachment-full size-full wp-image-3719\" alt=\"\" srcset=\"https:\/\/fzentrum.pl\/wp-content\/uploads\/2026\/03\/zloty-wyklad-strona-scaled.jpg 2560w, https:\/\/fzentrum.pl\/wp-content\/uploads\/2026\/03\/zloty-wyklad-strona-768x512.jpg 768w, https:\/\/fzentrum.pl\/wp-content\/uploads\/2026\/03\/zloty-wyklad-strona-1536x1024.jpg 1536w, https:\/\/fzentrum.pl\/wp-content\/uploads\/2026\/03\/zloty-wyklad-strona-2048x1365.jpg 2048w\" sizes=\"(max-width: 2560px) 100vw, 2560px\" \/><\/div>\n\t\t<\/a>\n\t\t\t\t<div class=\"elementor-post__text\">\n\t\t\t\t<h3 class=\"elementor-post__title\">\n\t\t\t<a href=\"https:\/\/fzentrum.pl\/de\/autorentreffen-mit-dr-sebastian-rosenbaum\/\" >\n\t\t\t\tAutorentreffen mit Dr. Sebastian Rosenbaum\t\t\t<\/a>\n\t\t<\/h3>\n\t\t\t\t<div class=\"elementor-post__meta-data\">\n\t\t\t\t\t<span class=\"elementor-post-date\">\n\t\t\tM\u00e4rz 26, 2026\t\t<\/span>\n\t\t\t\t<\/div>\n\t\t\t\t<div class=\"elementor-post__excerpt\">\n\t\t\t<p>Das Forschungszentrum der Deutschen Minderheit in Oppeln l\u00e4dt Sie zu einem Autorentreffen mit Dr. Sebastian Rosenbaum und seiner Publikation ein: &#13; \u201eDas wahre Deutschtum ist<\/p>\n\t\t<\/div>\n\t\t\n\t\t<a class=\"elementor-post__read-more\" href=\"https:\/\/fzentrum.pl\/de\/autorentreffen-mit-dr-sebastian-rosenbaum\/\" aria-label=\"Mehr \u00fcber Autorentreffen mit Dr. Sebastian Rosenbaum\" tabindex=\"-1\" >\n\t\t\tLesen Sie mehr \u00bb\t\t<\/a>\n\n\t\t\t\t<\/div>\n\t\t\t\t<\/article>\n\t\t\t\t<article class=\"elementor-post elementor-grid-item post-3572 post type-post status-publish format-standard has-post-thumbnail hentry category-aktualnosci-de tag-deutsche-minderheit tag-fzdm tag-minderheit tag-monika-czok-de\">\n\t\t\t\t<a class=\"elementor-post__thumbnail__link\" href=\"https:\/\/fzentrum.pl\/de\/goldene-vorlesung-oppelner-schlesien-und-seine-identitaet\/\" tabindex=\"-1\" >\n\t\t\t<div class=\"elementor-post__thumbnail\"><img loading=\"lazy\" decoding=\"async\" width=\"2560\" height=\"1440\" src=\"https:\/\/fzentrum.pl\/wp-content\/uploads\/2024\/11\/Zloty-wyklad-ulotka-\u2013-kopia-Film-2-scaled.jpg\" class=\"attachment-full size-full wp-image-2580\" alt=\"\" srcset=\"https:\/\/fzentrum.pl\/wp-content\/uploads\/2024\/11\/Zloty-wyklad-ulotka-\u2013-kopia-Film-2-scaled.jpg 2560w, https:\/\/fzentrum.pl\/wp-content\/uploads\/2024\/11\/Zloty-wyklad-ulotka-\u2013-kopia-Film-2-768x432.jpg 768w, https:\/\/fzentrum.pl\/wp-content\/uploads\/2024\/11\/Zloty-wyklad-ulotka-\u2013-kopia-Film-2-1536x864.jpg 1536w, https:\/\/fzentrum.pl\/wp-content\/uploads\/2024\/11\/Zloty-wyklad-ulotka-\u2013-kopia-Film-2-2048x1152.jpg 2048w\" sizes=\"(max-width: 2560px) 100vw, 2560px\" \/><\/div>\n\t\t<\/a>\n\t\t\t\t<div class=\"elementor-post__text\">\n\t\t\t\t<h3 class=\"elementor-post__title\">\n\t\t\t<a href=\"https:\/\/fzentrum.pl\/de\/goldene-vorlesung-oppelner-schlesien-und-seine-identitaet\/\" >\n\t\t\t\tGoldene Vorlesung \u201eOppelner Schlesien und seine Identit\u00e4t\u201c\t\t\t<\/a>\n\t\t<\/h3>\n\t\t\t\t<div class=\"elementor-post__meta-data\">\n\t\t\t\t\t<span class=\"elementor-post-date\">\n\t\t\tOktober 29, 2025\t\t<\/span>\n\t\t\t\t<\/div>\n\t\t\t\t<div class=\"elementor-post__excerpt\">\n\t\t\t<p>Das Ende der letzten Woche war voller wichtiger Ereignisse, an denen unser Zentrum beteiligt war. Am Freitag fand in Kolonowskie die erste der \u201eGoldenen Virtr\u00e4ge\u201c<\/p>\n\t\t<\/div>\n\t\t\n\t\t<a class=\"elementor-post__read-more\" href=\"https:\/\/fzentrum.pl\/de\/goldene-vorlesung-oppelner-schlesien-und-seine-identitaet\/\" aria-label=\"Mehr \u00fcber Goldene Vorlesung \u201eOppelner Schlesien und seine Identit\u00e4t\u201c\" tabindex=\"-1\" >\n\t\t\tLesen Sie mehr \u00bb\t\t<\/a>\n\n\t\t\t\t<\/div>\n\t\t\t\t<\/article>\n\t\t\t\t<article class=\"elementor-post elementor-grid-item post-3570 post type-post status-publish format-standard has-post-thumbnail hentry category-aktualnosci-de tag-deutsche-minderheit tag-fzdm tag-minderheit\">\n\t\t\t\t<a class=\"elementor-post__thumbnail__link\" href=\"https:\/\/fzentrum.pl\/de\/benefiz-fuer-richard-urban\/\" tabindex=\"-1\" >\n\t\t\t<div class=\"elementor-post__thumbnail\"><img loading=\"lazy\" decoding=\"async\" width=\"1751\" height=\"2048\" src=\"https:\/\/fzentrum.pl\/wp-content\/uploads\/2024\/11\/464223288_993506746150945_8663264227438772260_n.jpg\" class=\"attachment-full size-full wp-image-2596\" alt=\"\" srcset=\"https:\/\/fzentrum.pl\/wp-content\/uploads\/2024\/11\/464223288_993506746150945_8663264227438772260_n.jpg 1751w, https:\/\/fzentrum.pl\/wp-content\/uploads\/2024\/11\/464223288_993506746150945_8663264227438772260_n-768x898.jpg 768w, https:\/\/fzentrum.pl\/wp-content\/uploads\/2024\/11\/464223288_993506746150945_8663264227438772260_n-1313x1536.jpg 1313w\" sizes=\"(max-width: 1751px) 100vw, 1751px\" \/><\/div>\n\t\t<\/a>\n\t\t\t\t<div class=\"elementor-post__text\">\n\t\t\t\t<h3 class=\"elementor-post__title\">\n\t\t\t<a href=\"https:\/\/fzentrum.pl\/de\/benefiz-fuer-richard-urban\/\" >\n\t\t\t\tBenefiz f\u00fcr Richard Urban\t\t\t<\/a>\n\t\t<\/h3>\n\t\t\t\t<div class=\"elementor-post__meta-data\">\n\t\t\t\t\t<span class=\"elementor-post-date\">\n\t\t\tOktober 29, 2025\t\t<\/span>\n\t\t\t\t<\/div>\n\t\t\t\t<div class=\"elementor-post__excerpt\">\n\t\t\t<p>Am Samstag, dem 19. Oktober, hatten wir die besondere Freude, eine Benefizveranstaltung zum 90. Geburtstag von Richard Urban mitzuorganisieren, einem der bedeutendsten Vertreter der Minderheitenbewegung<\/p>\n\t\t<\/div>\n\t\t\n\t\t<a class=\"elementor-post__read-more\" href=\"https:\/\/fzentrum.pl\/de\/benefiz-fuer-richard-urban\/\" aria-label=\"Mehr \u00fcber Benefiz f\u00fcr Richard Urban\" tabindex=\"-1\" >\n\t\t\tLesen Sie mehr \u00bb\t\t<\/a>\n\n\t\t\t\t<\/div>\n\t\t\t\t<\/article>\n\t\t\t\t<article class=\"elementor-post elementor-grid-item post-3568 post type-post status-publish format-standard has-post-thumbnail hentry category-aktualnosci-de tag-archiv tag-deutsche-minderheit tag-forschung tag-fzdm\">\n\t\t\t\t<a class=\"elementor-post__thumbnail__link\" href=\"https:\/\/fzentrum.pl\/de\/oberschlesische-zeitung\/\" tabindex=\"-1\" >\n\t\t\t<div class=\"elementor-post__thumbnail\"><img loading=\"lazy\" decoding=\"async\" width=\"2048\" height=\"1536\" src=\"https:\/\/fzentrum.pl\/wp-content\/uploads\/2024\/11\/P1011114.jpg\" class=\"attachment-full size-full wp-image-2606\" alt=\"\" srcset=\"https:\/\/fzentrum.pl\/wp-content\/uploads\/2024\/11\/P1011114.jpg 2048w, https:\/\/fzentrum.pl\/wp-content\/uploads\/2024\/11\/P1011114-768x576.jpg 768w, https:\/\/fzentrum.pl\/wp-content\/uploads\/2024\/11\/P1011114-1536x1152.jpg 1536w\" sizes=\"(max-width: 2048px) 100vw, 2048px\" \/><\/div>\n\t\t<\/a>\n\t\t\t\t<div class=\"elementor-post__text\">\n\t\t\t\t<h3 class=\"elementor-post__title\">\n\t\t\t<a href=\"https:\/\/fzentrum.pl\/de\/oberschlesische-zeitung\/\" >\n\t\t\t\tOberschlesische Zeitung\t\t\t<\/a>\n\t\t<\/h3>\n\t\t\t\t<div class=\"elementor-post__meta-data\">\n\t\t\t\t\t<span class=\"elementor-post-date\">\n\t\t\tOktober 29, 2025\t\t<\/span>\n\t\t\t\t<\/div>\n\t\t\t\t<div class=\"elementor-post__excerpt\">\n\t\t\t<p>Die \u00e4ltesten Ausgaben der Zeitung \u201eDeutsche in Polen\u201c sind zur\u00fcck. Die erste \u201eGazeta G\u00f3rno\u015bl\u0105ska\u201c erschien am 1. April 1990. Heute k\u00f6nnen wir sie noch immer<\/p>\n\t\t<\/div>\n\t\t\n\t\t<a class=\"elementor-post__read-more\" href=\"https:\/\/fzentrum.pl\/de\/oberschlesische-zeitung\/\" aria-label=\"Mehr \u00fcber Oberschlesische Zeitung\" tabindex=\"-1\" >\n\t\t\tLesen Sie mehr \u00bb\t\t<\/a>\n\n\t\t\t\t<\/div>\n\t\t\t\t<\/article>\n\t\t\t\t<article class=\"elementor-post elementor-grid-item post-3566 post type-post status-publish format-standard has-post-thumbnail hentry category-aktualnosci-de tag-deutsche-minderheit tag-fzdm tag-goldene-vorlesung tag-minderheit\">\n\t\t\t\t<a class=\"elementor-post__thumbnail__link\" href=\"https:\/\/fzentrum.pl\/de\/goldene-vorlesung-rolle-der-deutschen-minderheit-im-prozess-der-politischen-transformation\/\" tabindex=\"-1\" >\n\t\t\t<div class=\"elementor-post__thumbnail\"><img loading=\"lazy\" decoding=\"async\" width=\"2560\" height=\"1440\" src=\"https:\/\/fzentrum.pl\/wp-content\/uploads\/2024\/11\/Zloty-wyklad-grafika-do-wyswietlenia-\u2013-kopia-2-scaled.jpg\" class=\"attachment-full size-full wp-image-2614\" alt=\"\" srcset=\"https:\/\/fzentrum.pl\/wp-content\/uploads\/2024\/11\/Zloty-wyklad-grafika-do-wyswietlenia-\u2013-kopia-2-scaled.jpg 2560w, https:\/\/fzentrum.pl\/wp-content\/uploads\/2024\/11\/Zloty-wyklad-grafika-do-wyswietlenia-\u2013-kopia-2-768x432.jpg 768w, https:\/\/fzentrum.pl\/wp-content\/uploads\/2024\/11\/Zloty-wyklad-grafika-do-wyswietlenia-\u2013-kopia-2-1536x864.jpg 1536w, https:\/\/fzentrum.pl\/wp-content\/uploads\/2024\/11\/Zloty-wyklad-grafika-do-wyswietlenia-\u2013-kopia-2-2048x1152.jpg 2048w\" sizes=\"(max-width: 2560px) 100vw, 2560px\" \/><\/div>\n\t\t<\/a>\n\t\t\t\t<div class=\"elementor-post__text\">\n\t\t\t\t<h3 class=\"elementor-post__title\">\n\t\t\t<a href=\"https:\/\/fzentrum.pl\/de\/goldene-vorlesung-rolle-der-deutschen-minderheit-im-prozess-der-politischen-transformation\/\" >\n\t\t\t\tGoldene Vorlesung &#8222;Rolle der deutschen Minderheit im Prozess der politischen Transformation&#8220;\t\t\t<\/a>\n\t\t<\/h3>\n\t\t\t\t<div class=\"elementor-post__meta-data\">\n\t\t\t\t\t<span class=\"elementor-post-date\">\n\t\t\tOktober 29, 2025\t\t<\/span>\n\t\t\t\t<\/div>\n\t\t\t\t<div class=\"elementor-post__excerpt\">\n\t\t\t<p>Am vergangenen Donnerstag hielt Professor Krzysztof Zuba im Kulturzentrum der Gemeinde Gogolin einen Vortrag mit dem Titel \u201eDie Rolle der Deutschen Minderheit im Transformationsprozess und<\/p>\n\t\t<\/div>\n\t\t\n\t\t<a class=\"elementor-post__read-more\" href=\"https:\/\/fzentrum.pl\/de\/goldene-vorlesung-rolle-der-deutschen-minderheit-im-prozess-der-politischen-transformation\/\" aria-label=\"Mehr \u00fcber Goldene Vorlesung &#8222;Rolle der deutschen Minderheit im Prozess der politischen Transformation&#8220;\" tabindex=\"-1\" >\n\t\t\tLesen Sie mehr \u00bb\t\t<\/a>\n\n\t\t\t\t<\/div>\n\t\t\t\t<\/article>\n\t\t\t\t<\/div>\n\t\t\n\t\t\t\t<div class=\"e-load-more-anchor\" data-page=\"1\" data-max-page=\"8\" data-next-page=\"https:\/\/fzentrum.pl\/de\/wp-json\/wp\/v2\/pages\/1278\/page\/2\/\"><\/div>\n\t\t\t\t<nav class=\"elementor-pagination\" aria-label=\"Seitennummerierung\">\n\t\t\t<span aria-current=\"page\" class=\"page-numbers current\"><span class=\"elementor-screen-only\">Seite<\/span>1<\/span>\n<a class=\"page-numbers\" href=\"https:\/\/fzentrum.pl\/de\/wp-json\/wp\/v2\/pages\/1278\/page\/2\/\"><span class=\"elementor-screen-only\">Seite<\/span>2<\/a>\n<a class=\"page-numbers\" href=\"https:\/\/fzentrum.pl\/de\/wp-json\/wp\/v2\/pages\/1278\/page\/3\/\"><span class=\"elementor-screen-only\">Seite<\/span>3<\/a>\n<a class=\"page-numbers\" href=\"https:\/\/fzentrum.pl\/de\/wp-json\/wp\/v2\/pages\/1278\/page\/4\/\"><span class=\"elementor-screen-only\">Seite<\/span>4<\/a>\n<a class=\"page-numbers\" href=\"https:\/\/fzentrum.pl\/de\/wp-json\/wp\/v2\/pages\/1278\/page\/5\/\"><span class=\"elementor-screen-only\">Seite<\/span>5<\/a>\t\t<\/nav>\n\t\t\t\t\t\t<\/div>\n\t\t\t\t<\/div>\n\t\t\t\t\t<\/div>\n\t\t<\/div>\n\t\t\t\t<div class=\"elementor-column elementor-col-33 elementor-inner-column elementor-element elementor-element-2fd2b4b\" data-id=\"2fd2b4b\" data-element_type=\"column\">\n\t\t\t<div class=\"elementor-widget-wrap\">\n\t\t\t\t\t\t\t<\/div>\n\t\t<\/div>\n\t\t\t\t\t<\/div>\n\t\t<\/section>\n\t\t\t\t\t<\/div>\n\t\t<\/div>\n\t\t\t\t\t<\/div>\n\t\t<\/section>\n\t\t\t\t<\/div>\n\t\t","protected":false},"excerpt":{"rendered":"<p>Aktuelles Bleiben Sie auf dem Laufenden Besuchen Sie unser Facebook-Profil, klicken Sie auf &#8222;Gef\u00e4llt mir&#8220; und verfolgen Sie unsere News! https:\/\/www.facebook.com\/fzentrum<\/p>\n","protected":false},"author":2,"featured_media":0,"parent":0,"menu_order":0,"comment_status":"closed","ping_status":"closed","template":"","meta":{"site-sidebar-layout":"no-sidebar","site-content-layout":"page-builder","ast-site-content-layout":"","site-content-style":"default","site-sidebar-style":"default","ast-global-header-display":"","ast-banner-title-visibility":"","ast-main-header-display":"","ast-hfb-above-header-display":"","ast-hfb-below-header-display":"","ast-hfb-mobile-header-display":"","site-post-title":"disabled","ast-breadcrumbs-content":"","ast-featured-img":"disabled","footer-sml-layout":"","theme-transparent-header-meta":"default","adv-header-id-meta":"","stick-header-meta":"default","header-above-stick-meta":"","header-main-stick-meta":"","header-below-stick-meta":"","astra-migrate-meta-layouts":"default","ast-page-background-enabled":"default","ast-page-background-meta":{"desktop":{"background-color":"","background-image":"","background-repeat":"repeat","background-position":"center center","background-size":"auto","background-attachment":"scroll","background-type":"","background-media":"","overlay-type":"","overlay-color":"","overlay-opacity":"","overlay-gradient":""},"tablet":{"background-color":"","background-image":"","background-repeat":"repeat","background-position":"center center","background-size":"auto","background-attachment":"scroll","background-type":"","background-media":"","overlay-type":"","overlay-color":"","overlay-opacity":"","overlay-gradient":""},"mobile":{"background-color":"","background-image":"","background-repeat":"repeat","background-position":"center center","background-size":"auto","background-attachment":"scroll","background-type":"","background-media":"","overlay-type":"","overlay-color":"","overlay-opacity":"","overlay-gradient":""}},"ast-content-background-meta":{"desktop":{"background-color":"var(--ast-global-color-5)","background-image":"","background-repeat":"repeat","background-position":"center center","background-size":"auto","background-attachment":"scroll","background-type":"","background-media":"","overlay-type":"","overlay-color":"","overlay-opacity":"","overlay-gradient":""},"tablet":{"background-color":"var(--ast-global-color-5)","background-image":"","background-repeat":"repeat","background-position":"center center","background-size":"auto","background-attachment":"scroll","background-type":"","background-media":"","overlay-type":"","overlay-color":"","overlay-opacity":"","overlay-gradient":""},"mobile":{"background-color":"var(--ast-global-color-5)","background-image":"","background-repeat":"repeat","background-position":"center center","background-size":"auto","background-attachment":"scroll","background-type":"","background-media":"","overlay-type":"","overlay-color":"","overlay-opacity":"","overlay-gradient":""}},"footnotes":""},"class_list":["post-1278","page","type-page","status-publish","hentry"],"_links":{"self":[{"href":"https:\/\/fzentrum.pl\/de\/wp-json\/wp\/v2\/pages\/1278","targetHints":{"allow":["GET"]}}],"collection":[{"href":"https:\/\/fzentrum.pl\/de\/wp-json\/wp\/v2\/pages"}],"about":[{"href":"https:\/\/fzentrum.pl\/de\/wp-json\/wp\/v2\/types\/page"}],"author":[{"embeddable":true,"href":"https:\/\/fzentrum.pl\/de\/wp-json\/wp\/v2\/users\/2"}],"replies":[{"embeddable":true,"href":"https:\/\/fzentrum.pl\/de\/wp-json\/wp\/v2\/comments?post=1278"}],"version-history":[{"count":10,"href":"https:\/\/fzentrum.pl\/de\/wp-json\/wp\/v2\/pages\/1278\/revisions"}],"predecessor-version":[{"id":2067,"href":"https:\/\/fzentrum.pl\/de\/wp-json\/wp\/v2\/pages\/1278\/revisions\/2067"}],"wp:attachment":[{"href":"https:\/\/fzentrum.pl\/de\/wp-json\/wp\/v2\/media?parent=1278"}],"curies":[{"name":"wp","href":"https:\/\/api.w.org\/{rel}","templated":true}]}}