{"id":1503,"date":"2022-01-21T10:08:11","date_gmt":"2022-01-21T10:08:11","guid":{"rendered":"https:\/\/fzentrum.pl\/?page_id=1503"},"modified":"2022-03-09T10:23:05","modified_gmt":"2022-03-09T10:23:05","slug":"geschichte-und-erbe-der-deutschen-minderheit","status":"publish","type":"page","link":"https:\/\/fzentrum.pl\/de\/geschichte-und-erbe-der-deutschen-minderheit\/","title":{"rendered":"Geschichte und Erbe der deutschen Minderheit im Jahr 2022"},"content":{"rendered":"\t\t<div data-elementor-type=\"wp-page\" data-elementor-id=\"1503\" class=\"elementor elementor-1503\" data-elementor-post-type=\"page\">\n\t\t\t\t\t\t<section class=\"elementor-section elementor-top-section elementor-element elementor-element-59602081 elementor-section-full_width elementor-section-height-default elementor-section-height-default\" data-id=\"59602081\" data-element_type=\"section\" data-settings=\"{&quot;background_background&quot;:&quot;classic&quot;}\">\n\t\t\t\t\t\t<div class=\"elementor-container elementor-column-gap-no\">\n\t\t\t\t\t<div class=\"elementor-column elementor-col-100 elementor-top-column elementor-element elementor-element-5c5b0e71\" data-id=\"5c5b0e71\" data-element_type=\"column\">\n\t\t\t<div class=\"elementor-widget-wrap elementor-element-populated\">\n\t\t\t\t\t\t<section class=\"elementor-section elementor-inner-section elementor-element elementor-element-37b1fb1c elementor-section-boxed elementor-section-height-default elementor-section-height-default\" data-id=\"37b1fb1c\" data-element_type=\"section\">\n\t\t\t\t\t\t<div class=\"elementor-container elementor-column-gap-default\">\n\t\t\t\t\t<div class=\"elementor-column elementor-col-100 elementor-inner-column elementor-element elementor-element-199efd35\" data-id=\"199efd35\" data-element_type=\"column\">\n\t\t\t<div class=\"elementor-widget-wrap elementor-element-populated\">\n\t\t\t\t\t\t<div class=\"elementor-element elementor-element-144a6763 elementor-widget elementor-widget-heading\" data-id=\"144a6763\" data-element_type=\"widget\" data-widget_type=\"heading.default\">\n\t\t\t\t<div class=\"elementor-widget-container\">\n\t\t\t\t\t<h5 class=\"elementor-heading-title elementor-size-default\">Badania<\/h5>\t\t\t\t<\/div>\n\t\t\t\t<\/div>\n\t\t\t\t<div class=\"elementor-element elementor-element-650a8091 elementor-widget-divider--view-line elementor-widget elementor-widget-divider\" data-id=\"650a8091\" data-element_type=\"widget\" data-widget_type=\"divider.default\">\n\t\t\t\t<div class=\"elementor-widget-container\">\n\t\t\t\t\t\t\t<div class=\"elementor-divider\">\n\t\t\t<span class=\"elementor-divider-separator\">\n\t\t\t\t\t\t<\/span>\n\t\t<\/div>\n\t\t\t\t\t\t<\/div>\n\t\t\t\t<\/div>\n\t\t\t\t<div class=\"elementor-element elementor-element-33e6ced elementor-widget elementor-widget-heading\" data-id=\"33e6ced\" data-element_type=\"widget\" data-widget_type=\"heading.default\">\n\t\t\t\t<div class=\"elementor-widget-container\">\n\t\t\t\t\t<h2 class=\"elementor-heading-title elementor-size-default\">Grundlegende Informationen zum Projekt Geschichte und Erbe der deutschen Minderheit \u2013 Forschungst\u00e4tigkeit im Jahr 2021<\/h2>\t\t\t\t<\/div>\n\t\t\t\t<\/div>\n\t\t\t\t<div class=\"elementor-element elementor-element-1ad71b82 elementor-widget elementor-widget-image\" data-id=\"1ad71b82\" data-element_type=\"widget\" data-widget_type=\"image.default\">\n\t\t\t\t<div class=\"elementor-widget-container\">\n\t\t\t\t\t\t\t\t\t\t\t\t\t\t\t<img fetchpriority=\"high\" decoding=\"async\" width=\"1024\" height=\"341\" src=\"https:\/\/fzentrum.pl\/wp-content\/uploads\/2022\/01\/znaki_strona_www-1024x341.png\" class=\"attachment-large size-large wp-image-1439\" alt=\"\" srcset=\"https:\/\/fzentrum.pl\/wp-content\/uploads\/2022\/01\/znaki_strona_www-1024x341.png 1024w, https:\/\/fzentrum.pl\/wp-content\/uploads\/2022\/01\/znaki_strona_www-300x100.png 300w, https:\/\/fzentrum.pl\/wp-content\/uploads\/2022\/01\/znaki_strona_www-768x256.png 768w, https:\/\/fzentrum.pl\/wp-content\/uploads\/2022\/01\/znaki_strona_www-1536x511.png 1536w, https:\/\/fzentrum.pl\/wp-content\/uploads\/2022\/01\/znaki_strona_www.png 1751w\" sizes=\"(max-width: 1024px) 100vw, 1024px\" \/>\t\t\t\t\t\t\t\t\t\t\t\t\t\t\t<\/div>\n\t\t\t\t<\/div>\n\t\t\t\t<div class=\"elementor-element elementor-element-1cc5237a elementor-widget elementor-widget-text-editor\" data-id=\"1cc5237a\" data-element_type=\"widget\" data-widget_type=\"text-editor.default\">\n\t\t\t\t<div class=\"elementor-widget-container\">\n\t\t\t\t\t\t\t\t\t<p>Das Projekt \u201eGeschichte und Erbe der deutschen Minderheit<em> \u2013 Forschungst\u00e4tigkeit\u201c <\/em>wird g\u00e4nzlich aus staatlichen Mitteln finanziert und die Gesamtkosten belaufen sich auf einen Betrag von 90.000 PLN.<\/p>\n<p>Die Zuwendung des Ministers des Innern und Verwaltung ist f\u00fcr die T\u00e4tigkeit, den Schutz sowie Bewahrung und Entwicklung der kulturellen Identit\u00e4t der deutschen Minderheit gedacht.<\/p>\t\t\t\t\t\t\t\t<\/div>\n\t\t\t\t<\/div>\n\t\t\t\t<div class=\"elementor-element elementor-element-6e28cfb2 elementor-widget elementor-widget-text-editor\" data-id=\"6e28cfb2\" data-element_type=\"widget\" data-widget_type=\"text-editor.default\">\n\t\t\t\t<div class=\"elementor-widget-container\">\n\t\t\t\t\t\t\t\t\t<p>Die Ziele des Projekts werden durch Initiieren und Koordinierung von Forschungen \u00fcber die deutsche Minderheit, deren Geschichte und Kulturerbe sowie Bewahrung von Archivmaterial, Sicherung von Dokumenten und Quellenmaterial \u00fcber die in Polen lebenden Deutschen realisiert.<\/p>\t\t\t\t\t\t\t\t<\/div>\n\t\t\t\t<\/div>\n\t\t\t\t\t<\/div>\n\t\t<\/div>\n\t\t\t\t\t<\/div>\n\t\t<\/section>\n\t\t\t\t<div class=\"elementor-element elementor-element-33a3c9a6 elementor-widget-divider--separator-type-pattern elementor-widget-divider--no-spacing elementor-widget-divider--view-line elementor-widget elementor-widget-divider\" data-id=\"33a3c9a6\" data-element_type=\"widget\" data-widget_type=\"divider.default\">\n\t\t\t\t<div class=\"elementor-widget-container\">\n\t\t\t\t\t\t\t<div class=\"elementor-divider\" style=\"--divider-pattern-url: url(&quot;data:image\/svg+xml,%3Csvg xmlns=&#039;http:\/\/www.w3.org\/2000\/svg&#039; preserveAspectRatio=&#039;xMidYMid meet&#039; overflow=&#039;visible&#039; height=&#039;100%&#039; viewBox=&#039;0 0 126 26&#039; fill=&#039;black&#039; stroke=&#039;none&#039;%3E%3Cpath d=&#039;M3,10.2c2.6,0,2.6,2,2.6,3.2S4.4,16.5,3,16.5s-3-1.4-3-3.2S0.4,10.2,3,10.2z M18.8,10.2c1.7,0,3.2,1.4,3.2,3.2s-1.4,3.2-3.2,3.2c-1.7,0-3.2-1.4-3.2-3.2S17,10.2,18.8,10.2z M34.6,10.2c1.5,0,2.6,1.4,2.6,3.2s-0.5,3.2-1.9,3.2c-1.5,0-3.4-1.4-3.4-3.2S33.1,10.2,34.6,10.2z M50.5,10.2c1.7,0,3.2,1.4,3.2,3.2s-1.4,3.2-3.2,3.2c-1.7,0-3.3-0.9-3.3-2.6S48.7,10.2,50.5,10.2z M66.2,10.2c1.5,0,3.4,1.4,3.4,3.2s-1.9,3.2-3.4,3.2c-1.5,0-2.6-0.4-2.6-2.1S64.8,10.2,66.2,10.2z M82.2,10.2c1.7,0.8,2.6,1.4,2.6,3.2s-0.1,3.2-1.6,3.2c-1.5,0-3.7-1.4-3.7-3.2S80.5,9.4,82.2,10.2zM98.6,10.2c1.5,0,2.6,0.4,2.6,2.1s-1.2,4.2-2.6,4.2c-1.5,0-3.7-0.4-3.7-2.1S97.1,10.2,98.6,10.2z M113.4,10.2c1.2,0,2.2,0.9,2.2,3.2s-0.1,3.2-1.3,3.2s-3.1-1.4-3.1-3.2S112.2,10.2,113.4,10.2z&#039;\/%3E%3C\/svg%3E&quot;);\">\n\t\t\t<span class=\"elementor-divider-separator\">\n\t\t\t\t\t\t<\/span>\n\t\t<\/div>\n\t\t\t\t\t\t<\/div>\n\t\t\t\t<\/div>\n\t\t\t\t<section class=\"elementor-section elementor-inner-section elementor-element elementor-element-671641c8 elementor-section-boxed elementor-section-height-default elementor-section-height-default\" data-id=\"671641c8\" data-element_type=\"section\">\n\t\t\t\t\t\t<div class=\"elementor-container elementor-column-gap-default\">\n\t\t\t\t\t<div class=\"elementor-column elementor-col-100 elementor-inner-column elementor-element elementor-element-53d5befb\" data-id=\"53d5befb\" data-element_type=\"column\">\n\t\t\t<div class=\"elementor-widget-wrap elementor-element-populated\">\n\t\t\t\t\t\t<div class=\"elementor-element elementor-element-32c5cd31 elementor-widget elementor-widget-text-editor\" data-id=\"32c5cd31\" data-element_type=\"widget\" data-widget_type=\"text-editor.default\">\n\t\t\t\t<div class=\"elementor-widget-container\">\n\t\t\t\t\t\t\t\t\t<p><strong>Wie alles begann<\/strong><\/p><p>Im Jahr 2011 haben sich Regierungsvertreter Polens und Deutschlands sowie Vertreter der Organisationen der deutschen Minderheit in Polen und der Polen in Deutschland mit dem Stand der Umsetzung der Bestimmungen des Deutsch-Polnischen Nachbarschaftsvertrages vom 17. Juni 1991 befasst. Die Sitzungen endeten mit dem Unterzeichnen der Gemeinsamen Erkl\u00e4rung des Runden Tisches, in der unter vielen Bestimmungen die Verpflichtung der &#8222;Einrichtung einer Stelle (\u2026) die auf wissenschaftlicher Basis Forschungen zur deutschen Minderheit, deren Geschichte und kulturellen Erbe leiten und koordinieren wird&#8220; festgeschrieben wurde.<\/p><p>Die erste Institution, welche die Idee umgesetzt hat, war das<a href=\"https:\/\/www.haus.pl\/\"><u> Haus der Deutsch-Polnischen Zusammenarbeit.<\/u><\/a> Die Umsetzung des Projekts mit dem Namen <strong>Forschungszentrum der Deutschen Minderheit<\/strong> begann am 1. M\u00e4rz 2015. Die inhaltliche Unterst\u00fctzung sicherte von Beginn an der Wissenschaftlicher Beirat, welcher aus Vertretern der Forschung und F\u00fchrungskr\u00e4ften der Deutschen Minderheit bestand.<\/p><p>Obwohl bereits im Juni 2016 f\u00fcnf Organisationen den gleichnamigen Verein ins Leben gerufen haben, war der Weg zur eigenst\u00e4ndigen T\u00e4tigkeit noch weit. In dieser Lage wurden in darauffolgenden Jahren bis zum Ende des Jahres 2020, die am Runden Tisch ge\u00e4u\u00dferten Ideen im HDPZ fortgesetzt.<\/p><p>Ab dem 1. Januar 2021 hat das nun eigenst\u00e4ndig agierende <strong>Forschungszentrum der Deutschen Minderheit <\/strong>dieses Projekt, welches \u00a0\u2013 wie bereits in vergangenen Jahren \u2013 vom Ministerium des Innern und der Verwaltung finanziert wurde, \u00fcbernommen<strong>. <\/strong><\/p>\t\t\t\t\t\t\t\t<\/div>\n\t\t\t\t<\/div>\n\t\t\t\t<div class=\"elementor-element elementor-element-2a244987 elementor-widget-divider--separator-type-pattern elementor-widget-divider--no-spacing elementor-widget-divider--view-line elementor-widget elementor-widget-divider\" data-id=\"2a244987\" data-element_type=\"widget\" data-widget_type=\"divider.default\">\n\t\t\t\t<div class=\"elementor-widget-container\">\n\t\t\t\t\t\t\t<div class=\"elementor-divider\" style=\"--divider-pattern-url: url(&quot;data:image\/svg+xml,%3Csvg xmlns=&#039;http:\/\/www.w3.org\/2000\/svg&#039; preserveAspectRatio=&#039;xMidYMid meet&#039; overflow=&#039;visible&#039; height=&#039;100%&#039; viewBox=&#039;0 0 126 26&#039; fill=&#039;black&#039; stroke=&#039;none&#039;%3E%3Cpath d=&#039;M3,10.2c2.6,0,2.6,2,2.6,3.2S4.4,16.5,3,16.5s-3-1.4-3-3.2S0.4,10.2,3,10.2z M18.8,10.2c1.7,0,3.2,1.4,3.2,3.2s-1.4,3.2-3.2,3.2c-1.7,0-3.2-1.4-3.2-3.2S17,10.2,18.8,10.2z M34.6,10.2c1.5,0,2.6,1.4,2.6,3.2s-0.5,3.2-1.9,3.2c-1.5,0-3.4-1.4-3.4-3.2S33.1,10.2,34.6,10.2z M50.5,10.2c1.7,0,3.2,1.4,3.2,3.2s-1.4,3.2-3.2,3.2c-1.7,0-3.3-0.9-3.3-2.6S48.7,10.2,50.5,10.2z M66.2,10.2c1.5,0,3.4,1.4,3.4,3.2s-1.9,3.2-3.4,3.2c-1.5,0-2.6-0.4-2.6-2.1S64.8,10.2,66.2,10.2z M82.2,10.2c1.7,0.8,2.6,1.4,2.6,3.2s-0.1,3.2-1.6,3.2c-1.5,0-3.7-1.4-3.7-3.2S80.5,9.4,82.2,10.2zM98.6,10.2c1.5,0,2.6,0.4,2.6,2.1s-1.2,4.2-2.6,4.2c-1.5,0-3.7-0.4-3.7-2.1S97.1,10.2,98.6,10.2z M113.4,10.2c1.2,0,2.2,0.9,2.2,3.2s-0.1,3.2-1.3,3.2s-3.1-1.4-3.1-3.2S112.2,10.2,113.4,10.2z&#039;\/%3E%3C\/svg%3E&quot;);\">\n\t\t\t<span class=\"elementor-divider-separator\">\n\t\t\t\t\t\t<\/span>\n\t\t<\/div>\n\t\t\t\t\t\t<\/div>\n\t\t\t\t<\/div>\n\t\t\t\t\t<\/div>\n\t\t<\/div>\n\t\t\t\t\t<\/div>\n\t\t<\/section>\n\t\t\t\t\t<\/div>\n\t\t<\/div>\n\t\t\t\t\t<\/div>\n\t\t<\/section>\n\t\t\t\t<section class=\"elementor-section elementor-top-section elementor-element elementor-element-55123156 elementor-section-full_width elementor-section-height-default elementor-section-height-default\" data-id=\"55123156\" data-element_type=\"section\" data-settings=\"{&quot;background_background&quot;:&quot;classic&quot;}\">\n\t\t\t\t\t\t<div class=\"elementor-container elementor-column-gap-no\">\n\t\t\t\t\t<div class=\"elementor-column elementor-col-100 elementor-top-column elementor-element elementor-element-6c8c9a9f\" data-id=\"6c8c9a9f\" data-element_type=\"column\">\n\t\t\t<div class=\"elementor-widget-wrap elementor-element-populated\">\n\t\t\t\t\t\t<section class=\"elementor-section elementor-inner-section elementor-element elementor-element-245442a4 elementor-section-boxed elementor-section-height-default elementor-section-height-default\" data-id=\"245442a4\" data-element_type=\"section\">\n\t\t\t\t\t\t<div class=\"elementor-container elementor-column-gap-default\">\n\t\t\t\t\t<div class=\"elementor-column elementor-col-66 elementor-inner-column elementor-element elementor-element-2206782e\" data-id=\"2206782e\" data-element_type=\"column\">\n\t\t\t<div class=\"elementor-widget-wrap elementor-element-populated\">\n\t\t\t\t\t\t<div class=\"elementor-element elementor-element-45eff67e elementor-widget elementor-widget-text-editor\" data-id=\"45eff67e\" data-element_type=\"widget\" data-widget_type=\"text-editor.default\">\n\t\t\t\t<div class=\"elementor-widget-container\">\n\t\t\t\t\t\t\t\t\t<p><strong>Debatte in Oppeln<\/strong><\/p><p>Am 9. Dezember 2021 fand in Oppeln eine Debatte unter dem Titel <strong><em>Nach dem Ruf des Herzens oder f\u00fcr das Brot? Migrationen aus Oberschlesien nach Deutschland in den Jahren 1956-1989. <\/em><\/strong>\u00dcber die Ursachen, den Verlauf und die Auswirkungen des Ph\u00e4nomens, welches die Bev\u00f6lkerung der oberschlesischen St\u00e4dte und D\u00f6rfer unwiederbringlich ver\u00e4nderte, diskutierten Wissenschaftler, die sich mit verschiedenen Aspekten dieser Problematik befasst haben:<\/p><p>&#8211; Dr. Justyna Kijonka, Soziologin von der Schlesischen Universit\u00e4t in Kattowitz,<\/p><p>&#8211; Dr. Bernard Linek, Historiker vom Schlesischen Institut in Oppeln,<\/p><p>&#8211; Dr. Bogus\u0142aw Tracz, Historiker von der Abteilung des Instituts f\u00fcr Nationales Gedenken in Kattowitz.<\/p><p>Die Moderation der Debatte \u00fcbernahm Weronika Wiese von der Oppelner Universit\u00e4t<\/p>\t\t\t\t\t\t\t\t<\/div>\n\t\t\t\t<\/div>\n\t\t\t\t\t<\/div>\n\t\t<\/div>\n\t\t\t\t<div class=\"elementor-column elementor-col-33 elementor-inner-column elementor-element elementor-element-3d158085\" data-id=\"3d158085\" data-element_type=\"column\">\n\t\t\t<div class=\"elementor-widget-wrap elementor-element-populated\">\n\t\t\t\t\t\t<div class=\"elementor-element elementor-element-12ee6c9e elementor-widget elementor-widget-image\" data-id=\"12ee6c9e\" data-element_type=\"widget\" data-widget_type=\"image.default\">\n\t\t\t\t<div class=\"elementor-widget-container\">\n\t\t\t\t\t\t\t\t\t\t\t\t\t\t\t<img decoding=\"async\" width=\"1560\" height=\"1170\" src=\"https:\/\/fzentrum.pl\/wp-content\/uploads\/2022\/01\/Foto-1.jpg\" class=\"attachment-full size-full wp-image-1444\" alt=\"\" srcset=\"https:\/\/fzentrum.pl\/wp-content\/uploads\/2022\/01\/Foto-1.jpg 1560w, https:\/\/fzentrum.pl\/wp-content\/uploads\/2022\/01\/Foto-1-300x225.jpg 300w, https:\/\/fzentrum.pl\/wp-content\/uploads\/2022\/01\/Foto-1-1024x768.jpg 1024w, https:\/\/fzentrum.pl\/wp-content\/uploads\/2022\/01\/Foto-1-768x576.jpg 768w, https:\/\/fzentrum.pl\/wp-content\/uploads\/2022\/01\/Foto-1-1536x1152.jpg 1536w\" sizes=\"(max-width: 1560px) 100vw, 1560px\" \/>\t\t\t\t\t\t\t\t\t\t\t\t\t\t\t<\/div>\n\t\t\t\t<\/div>\n\t\t\t\t<div class=\"elementor-element elementor-element-69cde429 elementor-widget elementor-widget-image\" data-id=\"69cde429\" data-element_type=\"widget\" data-widget_type=\"image.default\">\n\t\t\t\t<div class=\"elementor-widget-container\">\n\t\t\t\t\t\t\t\t\t\t\t\t\t\t\t<img decoding=\"async\" width=\"1560\" height=\"1170\" src=\"https:\/\/fzentrum.pl\/wp-content\/uploads\/2022\/01\/Foto-2.jpg\" class=\"attachment-full size-full wp-image-1446\" alt=\"\" srcset=\"https:\/\/fzentrum.pl\/wp-content\/uploads\/2022\/01\/Foto-2.jpg 1560w, https:\/\/fzentrum.pl\/wp-content\/uploads\/2022\/01\/Foto-2-300x225.jpg 300w, https:\/\/fzentrum.pl\/wp-content\/uploads\/2022\/01\/Foto-2-1024x768.jpg 1024w, https:\/\/fzentrum.pl\/wp-content\/uploads\/2022\/01\/Foto-2-768x576.jpg 768w, https:\/\/fzentrum.pl\/wp-content\/uploads\/2022\/01\/Foto-2-1536x1152.jpg 1536w\" sizes=\"(max-width: 1560px) 100vw, 1560px\" \/>\t\t\t\t\t\t\t\t\t\t\t\t\t\t\t<\/div>\n\t\t\t\t<\/div>\n\t\t\t\t\t<\/div>\n\t\t<\/div>\n\t\t\t\t\t<\/div>\n\t\t<\/section>\n\t\t\t\t<section class=\"elementor-section elementor-inner-section elementor-element elementor-element-659cca11 elementor-section-boxed elementor-section-height-default elementor-section-height-default\" data-id=\"659cca11\" data-element_type=\"section\">\n\t\t\t\t\t\t<div class=\"elementor-container elementor-column-gap-default\">\n\t\t\t\t\t<div class=\"elementor-column elementor-col-100 elementor-inner-column elementor-element elementor-element-3586ee7a\" data-id=\"3586ee7a\" data-element_type=\"column\">\n\t\t\t<div class=\"elementor-widget-wrap elementor-element-populated\">\n\t\t\t\t\t\t<div class=\"elementor-element elementor-element-7df32c8e elementor-widget-divider--separator-type-pattern elementor-widget-divider--no-spacing elementor-widget-divider--view-line elementor-widget elementor-widget-divider\" data-id=\"7df32c8e\" data-element_type=\"widget\" data-widget_type=\"divider.default\">\n\t\t\t\t<div class=\"elementor-widget-container\">\n\t\t\t\t\t\t\t<div class=\"elementor-divider\" style=\"--divider-pattern-url: url(&quot;data:image\/svg+xml,%3Csvg xmlns=&#039;http:\/\/www.w3.org\/2000\/svg&#039; preserveAspectRatio=&#039;xMidYMid meet&#039; overflow=&#039;visible&#039; height=&#039;100%&#039; viewBox=&#039;0 0 126 26&#039; fill=&#039;black&#039; stroke=&#039;none&#039;%3E%3Cpath d=&#039;M3,10.2c2.6,0,2.6,2,2.6,3.2S4.4,16.5,3,16.5s-3-1.4-3-3.2S0.4,10.2,3,10.2z M18.8,10.2c1.7,0,3.2,1.4,3.2,3.2s-1.4,3.2-3.2,3.2c-1.7,0-3.2-1.4-3.2-3.2S17,10.2,18.8,10.2z M34.6,10.2c1.5,0,2.6,1.4,2.6,3.2s-0.5,3.2-1.9,3.2c-1.5,0-3.4-1.4-3.4-3.2S33.1,10.2,34.6,10.2z M50.5,10.2c1.7,0,3.2,1.4,3.2,3.2s-1.4,3.2-3.2,3.2c-1.7,0-3.3-0.9-3.3-2.6S48.7,10.2,50.5,10.2z M66.2,10.2c1.5,0,3.4,1.4,3.4,3.2s-1.9,3.2-3.4,3.2c-1.5,0-2.6-0.4-2.6-2.1S64.8,10.2,66.2,10.2z M82.2,10.2c1.7,0.8,2.6,1.4,2.6,3.2s-0.1,3.2-1.6,3.2c-1.5,0-3.7-1.4-3.7-3.2S80.5,9.4,82.2,10.2zM98.6,10.2c1.5,0,2.6,0.4,2.6,2.1s-1.2,4.2-2.6,4.2c-1.5,0-3.7-0.4-3.7-2.1S97.1,10.2,98.6,10.2z M113.4,10.2c1.2,0,2.2,0.9,2.2,3.2s-0.1,3.2-1.3,3.2s-3.1-1.4-3.1-3.2S112.2,10.2,113.4,10.2z&#039;\/%3E%3C\/svg%3E&quot;);\">\n\t\t\t<span class=\"elementor-divider-separator\">\n\t\t\t\t\t\t<\/span>\n\t\t<\/div>\n\t\t\t\t\t\t<\/div>\n\t\t\t\t<\/div>\n\t\t\t\t<div class=\"elementor-element elementor-element-6c2bde40 elementor-widget elementor-widget-text-editor\" data-id=\"6c2bde40\" data-element_type=\"widget\" data-widget_type=\"text-editor.default\">\n\t\t\t\t<div class=\"elementor-widget-container\">\n\t\t\t\t\t\t\t\t\t<p><strong>Interviews mit Begr\u00fcndern der Minderheitenorganisationen <\/strong><\/p><p>Wie in den Jahren zuvor geh\u00f6rte die Durchf\u00fchrung von Zeitzeugeninterviews, die in den 1980er und 1990er Jahren an der Gr\u00fcndung oder \u2013 im Fall von Niederschlesien \u2013 Wiederbelebung von Organisationen der deutschen Minderheit in Polen zu den Aufgaben des Koordinators des Projekts. Der Umfang von Zeitzeugenberichten in den Best\u00e4nden des Archivs des Forschungszentrums der Deutschen Minderheit wurde um sechs weitere Interviews aus folgenden drei Woiwodschaften erweitert:<\/p><p><strong><em>Woiwodschaft Schlesien \u00a0<\/em><\/strong><em><br \/><\/em>Gleiwitz<\/p><p><strong><em>Woiwodschaft Oppeln <\/em><\/strong><em><br \/><\/em>Zlattnik (Kreis Oppeln)<\/p><p>Himmelwitz (Kreis Gross Strehlitz)<\/p><p>Kosken (Kreis Kandrzin-Cosel)<\/p><p><strong><em>Woiwodschaft Niederschlesien <\/em><\/strong><\/p><p>Waldenburg<\/p><p>Breslau<\/p><p>\u00a0<\/p><p>Die Interviews wurden transkribiert und werden f\u00fcr wissenschaftliche Zwecke zur Verf\u00fcgung gestellt.<\/p><p><strong>\u00a0<\/strong><\/p>\t\t\t\t\t\t\t\t<\/div>\n\t\t\t\t<\/div>\n\t\t\t\t<div class=\"elementor-element elementor-element-1df4c4a0 elementor-widget-divider--separator-type-pattern elementor-widget-divider--no-spacing elementor-widget-divider--view-line elementor-widget elementor-widget-divider\" data-id=\"1df4c4a0\" data-element_type=\"widget\" data-widget_type=\"divider.default\">\n\t\t\t\t<div class=\"elementor-widget-container\">\n\t\t\t\t\t\t\t<div class=\"elementor-divider\" style=\"--divider-pattern-url: url(&quot;data:image\/svg+xml,%3Csvg xmlns=&#039;http:\/\/www.w3.org\/2000\/svg&#039; preserveAspectRatio=&#039;xMidYMid meet&#039; overflow=&#039;visible&#039; height=&#039;100%&#039; viewBox=&#039;0 0 126 26&#039; fill=&#039;black&#039; stroke=&#039;none&#039;%3E%3Cpath d=&#039;M3,10.2c2.6,0,2.6,2,2.6,3.2S4.4,16.5,3,16.5s-3-1.4-3-3.2S0.4,10.2,3,10.2z M18.8,10.2c1.7,0,3.2,1.4,3.2,3.2s-1.4,3.2-3.2,3.2c-1.7,0-3.2-1.4-3.2-3.2S17,10.2,18.8,10.2z M34.6,10.2c1.5,0,2.6,1.4,2.6,3.2s-0.5,3.2-1.9,3.2c-1.5,0-3.4-1.4-3.4-3.2S33.1,10.2,34.6,10.2z M50.5,10.2c1.7,0,3.2,1.4,3.2,3.2s-1.4,3.2-3.2,3.2c-1.7,0-3.3-0.9-3.3-2.6S48.7,10.2,50.5,10.2z M66.2,10.2c1.5,0,3.4,1.4,3.4,3.2s-1.9,3.2-3.4,3.2c-1.5,0-2.6-0.4-2.6-2.1S64.8,10.2,66.2,10.2z M82.2,10.2c1.7,0.8,2.6,1.4,2.6,3.2s-0.1,3.2-1.6,3.2c-1.5,0-3.7-1.4-3.7-3.2S80.5,9.4,82.2,10.2zM98.6,10.2c1.5,0,2.6,0.4,2.6,2.1s-1.2,4.2-2.6,4.2c-1.5,0-3.7-0.4-3.7-2.1S97.1,10.2,98.6,10.2z M113.4,10.2c1.2,0,2.2,0.9,2.2,3.2s-0.1,3.2-1.3,3.2s-3.1-1.4-3.1-3.2S112.2,10.2,113.4,10.2z&#039;\/%3E%3C\/svg%3E&quot;);\">\n\t\t\t<span class=\"elementor-divider-separator\">\n\t\t\t\t\t\t<\/span>\n\t\t<\/div>\n\t\t\t\t\t\t<\/div>\n\t\t\t\t<\/div>\n\t\t\t\t<div class=\"elementor-element elementor-element-2d44a961 elementor-widget elementor-widget-text-editor\" data-id=\"2d44a961\" data-element_type=\"widget\" data-widget_type=\"text-editor.default\">\n\t\t\t\t<div class=\"elementor-widget-container\">\n\t\t\t\t\t\t\t\t\t<ol><li><strong>Artikel und wissenschaftliche Abhandlungen <\/strong><\/li><\/ol><p>Im Projekt wurde die Bestellung von drei Artikeln oder wissenschaftliche Abhandlungen eingeplant. \u00a0W projekcie przewidziano zam\u00f3wienie trzech artyku\u0142\u00f3w lub opracowa\u0144 o charakterze naukowym.<\/p><p>Prof. Krzysztof Wo\u017aniak bereitete einen Text zur Lage der deutschen Minderheit in Lodsch und Lodscher Land in der Zeit des strukturellen Umbruch:<\/p><p><a href=\"https:\/\/fzentrum.pl\/wp-content\/uploads\/2022\/01\/Krzysztof-Woz\u0301niak.pdf\"><strong><em><u>Krzysztof Wo\u017aniak: Odrodzenie mniejszo\u015bci niemieckiej w \u0141odzi po 1990 roku<\/u><\/em><\/strong><\/a><\/p><p>Dr. Zbigniew Bereszy\u0144ski hat wiederum zwei Abhandlungen vorbereitet, in denen er das im Institut f\u00fcrs Nationale Gedenken gesammelte Quellenmaterial zu Pers\u00f6nlichkeiten aus den Reihen der deutschen Minderheit aussuchte und analysierte. Aufgrund von delikaten Informationen zu dieser Materie, werden diese nur Wissenschaftlern zur Verf\u00fcgung gestellt, die in diesem Bereich forschen.<\/p><p>\u00a0<\/p>\t\t\t\t\t\t\t\t<\/div>\n\t\t\t\t<\/div>\n\t\t\t\t<div class=\"elementor-element elementor-element-5b453c37 elementor-widget-divider--separator-type-pattern elementor-widget-divider--no-spacing elementor-widget-divider--view-line elementor-widget elementor-widget-divider\" data-id=\"5b453c37\" data-element_type=\"widget\" data-widget_type=\"divider.default\">\n\t\t\t\t<div class=\"elementor-widget-container\">\n\t\t\t\t\t\t\t<div class=\"elementor-divider\" style=\"--divider-pattern-url: url(&quot;data:image\/svg+xml,%3Csvg xmlns=&#039;http:\/\/www.w3.org\/2000\/svg&#039; preserveAspectRatio=&#039;xMidYMid meet&#039; overflow=&#039;visible&#039; height=&#039;100%&#039; viewBox=&#039;0 0 126 26&#039; fill=&#039;black&#039; stroke=&#039;none&#039;%3E%3Cpath d=&#039;M3,10.2c2.6,0,2.6,2,2.6,3.2S4.4,16.5,3,16.5s-3-1.4-3-3.2S0.4,10.2,3,10.2z M18.8,10.2c1.7,0,3.2,1.4,3.2,3.2s-1.4,3.2-3.2,3.2c-1.7,0-3.2-1.4-3.2-3.2S17,10.2,18.8,10.2z M34.6,10.2c1.5,0,2.6,1.4,2.6,3.2s-0.5,3.2-1.9,3.2c-1.5,0-3.4-1.4-3.4-3.2S33.1,10.2,34.6,10.2z M50.5,10.2c1.7,0,3.2,1.4,3.2,3.2s-1.4,3.2-3.2,3.2c-1.7,0-3.3-0.9-3.3-2.6S48.7,10.2,50.5,10.2z M66.2,10.2c1.5,0,3.4,1.4,3.4,3.2s-1.9,3.2-3.4,3.2c-1.5,0-2.6-0.4-2.6-2.1S64.8,10.2,66.2,10.2z M82.2,10.2c1.7,0.8,2.6,1.4,2.6,3.2s-0.1,3.2-1.6,3.2c-1.5,0-3.7-1.4-3.7-3.2S80.5,9.4,82.2,10.2zM98.6,10.2c1.5,0,2.6,0.4,2.6,2.1s-1.2,4.2-2.6,4.2c-1.5,0-3.7-0.4-3.7-2.1S97.1,10.2,98.6,10.2z M113.4,10.2c1.2,0,2.2,0.9,2.2,3.2s-0.1,3.2-1.3,3.2s-3.1-1.4-3.1-3.2S112.2,10.2,113.4,10.2z&#039;\/%3E%3C\/svg%3E&quot;);\">\n\t\t\t<span class=\"elementor-divider-separator\">\n\t\t\t\t\t\t<\/span>\n\t\t<\/div>\n\t\t\t\t\t\t<\/div>\n\t\t\t\t<\/div>\n\t\t\t\t<div class=\"elementor-element elementor-element-481103a5 elementor-widget elementor-widget-text-editor\" data-id=\"481103a5\" data-element_type=\"widget\" data-widget_type=\"text-editor.default\">\n\t\t\t\t<div class=\"elementor-widget-container\">\n\t\t\t\t\t\t\t\t\t<p><strong>Biographisches W\u00f6rterbuch <\/strong><\/p><p>Im Jahr 2021 wurden Arbeiten an der Gestaltung des biographischen W\u00f6rterbuchs der deutschen Minderheit in Polen fortgesetzt. In den Jahren zuvor sind 48 Biogramme von Aktivisten aus beinahe allen Regionen, in denen heute Deutsche leben, entstanden. Diese Sammlung wurde im Jahr 2021 um weitere 24 Personen aus vier Woiwodschaften erweitert. Die meisten von ihnen sind Kommunalpolitiker, die auf Gemeinde-, Kreis- und Woiwodschaftsebene die deutsche Minderheit vertreten, oder vertreten haben. Alle Biogramme wurden wissenschaftlich rezensiert.<\/p>\t\t\t\t\t\t\t\t<\/div>\n\t\t\t\t<\/div>\n\t\t\t\t<div class=\"elementor-element elementor-element-3a2294ad elementor-widget-divider--separator-type-pattern elementor-widget-divider--no-spacing elementor-widget-divider--view-line elementor-widget elementor-widget-divider\" data-id=\"3a2294ad\" data-element_type=\"widget\" data-widget_type=\"divider.default\">\n\t\t\t\t<div class=\"elementor-widget-container\">\n\t\t\t\t\t\t\t<div class=\"elementor-divider\" style=\"--divider-pattern-url: url(&quot;data:image\/svg+xml,%3Csvg xmlns=&#039;http:\/\/www.w3.org\/2000\/svg&#039; preserveAspectRatio=&#039;xMidYMid meet&#039; overflow=&#039;visible&#039; height=&#039;100%&#039; viewBox=&#039;0 0 126 26&#039; fill=&#039;black&#039; stroke=&#039;none&#039;%3E%3Cpath d=&#039;M3,10.2c2.6,0,2.6,2,2.6,3.2S4.4,16.5,3,16.5s-3-1.4-3-3.2S0.4,10.2,3,10.2z M18.8,10.2c1.7,0,3.2,1.4,3.2,3.2s-1.4,3.2-3.2,3.2c-1.7,0-3.2-1.4-3.2-3.2S17,10.2,18.8,10.2z M34.6,10.2c1.5,0,2.6,1.4,2.6,3.2s-0.5,3.2-1.9,3.2c-1.5,0-3.4-1.4-3.4-3.2S33.1,10.2,34.6,10.2z M50.5,10.2c1.7,0,3.2,1.4,3.2,3.2s-1.4,3.2-3.2,3.2c-1.7,0-3.3-0.9-3.3-2.6S48.7,10.2,50.5,10.2z M66.2,10.2c1.5,0,3.4,1.4,3.4,3.2s-1.9,3.2-3.4,3.2c-1.5,0-2.6-0.4-2.6-2.1S64.8,10.2,66.2,10.2z M82.2,10.2c1.7,0.8,2.6,1.4,2.6,3.2s-0.1,3.2-1.6,3.2c-1.5,0-3.7-1.4-3.7-3.2S80.5,9.4,82.2,10.2zM98.6,10.2c1.5,0,2.6,0.4,2.6,2.1s-1.2,4.2-2.6,4.2c-1.5,0-3.7-0.4-3.7-2.1S97.1,10.2,98.6,10.2z M113.4,10.2c1.2,0,2.2,0.9,2.2,3.2s-0.1,3.2-1.3,3.2s-3.1-1.4-3.1-3.2S112.2,10.2,113.4,10.2z&#039;\/%3E%3C\/svg%3E&quot;);\">\n\t\t\t<span class=\"elementor-divider-separator\">\n\t\t\t\t\t\t<\/span>\n\t\t<\/div>\n\t\t\t\t\t\t<\/div>\n\t\t\t\t<\/div>\n\t\t\t\t<div class=\"elementor-element elementor-element-41ad4f70 elementor-widget elementor-widget-text-editor\" data-id=\"41ad4f70\" data-element_type=\"widget\" data-widget_type=\"text-editor.default\">\n\t\t\t\t<div class=\"elementor-widget-container\">\n\t\t\t\t\t\t\t\t\t<p><strong>Publikationen<\/strong><\/p><p>Im Rahmen des realisierten Projekts hat das Forschungszentrum der Deutschen Minderheit eine weitere Publikation mit Quellenmaterial herausgegeben. Dieser Band entstand unter der Redaktion von Dr. <a href=\"https:\/\/fzentrum.pl\/wp-content\/uploads\/2022\/01\/Okladka-2.jpg\"><u>Sebastian Rosenbaum<\/u><\/a>, der Reden der Vertreter der deutschen Minderheit im Schlesischen Sejm in den Jahren 1922-1929 ausgew\u00e4hlt und analysiert hat. Die Publikation <a href=\"https:\/\/fzentrum.pl\/wp-content\/uploads\/2022\/01\/Okladka-1.jpg\"><u>\u201eTo przecie\u017c nasz kraj rodzinny\u201d(\u201eDas ist doch unser Heimatland\u201c)<\/u><\/a> ist die erste Bearbeitung dieser Art und kostenlos im B\u00fcro des Forschungszentrums der Deutschen Minderheit erh\u00e4ltlich. Alle Leser, die sich f\u00fcr das Schicksal und die politische Aktivit\u00e4t der Deutschen in Polen in der Vorkriegszeit interessieren, laden wir zur Lekt\u00fcre ein.<\/p>\t\t\t\t\t\t\t\t<\/div>\n\t\t\t\t<\/div>\n\t\t\t\t<div class=\"elementor-element elementor-element-6b4eb16e elementor-widget-divider--separator-type-pattern elementor-widget-divider--no-spacing elementor-widget-divider--view-line elementor-widget elementor-widget-divider\" data-id=\"6b4eb16e\" data-element_type=\"widget\" data-widget_type=\"divider.default\">\n\t\t\t\t<div class=\"elementor-widget-container\">\n\t\t\t\t\t\t\t<div class=\"elementor-divider\" style=\"--divider-pattern-url: url(&quot;data:image\/svg+xml,%3Csvg xmlns=&#039;http:\/\/www.w3.org\/2000\/svg&#039; preserveAspectRatio=&#039;xMidYMid meet&#039; overflow=&#039;visible&#039; height=&#039;100%&#039; viewBox=&#039;0 0 126 26&#039; fill=&#039;black&#039; stroke=&#039;none&#039;%3E%3Cpath d=&#039;M3,10.2c2.6,0,2.6,2,2.6,3.2S4.4,16.5,3,16.5s-3-1.4-3-3.2S0.4,10.2,3,10.2z M18.8,10.2c1.7,0,3.2,1.4,3.2,3.2s-1.4,3.2-3.2,3.2c-1.7,0-3.2-1.4-3.2-3.2S17,10.2,18.8,10.2z M34.6,10.2c1.5,0,2.6,1.4,2.6,3.2s-0.5,3.2-1.9,3.2c-1.5,0-3.4-1.4-3.4-3.2S33.1,10.2,34.6,10.2z M50.5,10.2c1.7,0,3.2,1.4,3.2,3.2s-1.4,3.2-3.2,3.2c-1.7,0-3.3-0.9-3.3-2.6S48.7,10.2,50.5,10.2z M66.2,10.2c1.5,0,3.4,1.4,3.4,3.2s-1.9,3.2-3.4,3.2c-1.5,0-2.6-0.4-2.6-2.1S64.8,10.2,66.2,10.2z M82.2,10.2c1.7,0.8,2.6,1.4,2.6,3.2s-0.1,3.2-1.6,3.2c-1.5,0-3.7-1.4-3.7-3.2S80.5,9.4,82.2,10.2zM98.6,10.2c1.5,0,2.6,0.4,2.6,2.1s-1.2,4.2-2.6,4.2c-1.5,0-3.7-0.4-3.7-2.1S97.1,10.2,98.6,10.2z M113.4,10.2c1.2,0,2.2,0.9,2.2,3.2s-0.1,3.2-1.3,3.2s-3.1-1.4-3.1-3.2S112.2,10.2,113.4,10.2z&#039;\/%3E%3C\/svg%3E&quot;);\">\n\t\t\t<span class=\"elementor-divider-separator\">\n\t\t\t\t\t\t<\/span>\n\t\t<\/div>\n\t\t\t\t\t\t<\/div>\n\t\t\t\t<\/div>\n\t\t\t\t<div class=\"elementor-element elementor-element-378c607a elementor-widget elementor-widget-text-editor\" data-id=\"378c607a\" data-element_type=\"widget\" data-widget_type=\"text-editor.default\">\n\t\t\t\t<div class=\"elementor-widget-container\">\n\t\t\t\t\t\t\t\t\t<p>Projekt: Geschichte und Erbe der deutschen Minderheit<em> \u2013 Forschungst\u00e4tigkeit <\/em><\/p><p>Realisiert vom Forschungszentrum der Deutschen Minderheit<\/p><p>Koordinator des Projekts: Ryszard Janiak \/ab Januar 2022\/<br \/>Tel.: 532\u00a0153 005, E-mail: <a href=\"mailto:ryszard.janiak@fzentrum.pl\">ryszard.janiak@fzentrum.pl<\/a><\/p>\t\t\t\t\t\t\t\t<\/div>\n\t\t\t\t<\/div>\n\t\t\t\t\t<\/div>\n\t\t<\/div>\n\t\t\t\t\t<\/div>\n\t\t<\/section>\n\t\t\t\t\t<\/div>\n\t\t<\/div>\n\t\t\t\t\t<\/div>\n\t\t<\/section>\n\t\t\t\t<\/div>\n\t\t","protected":false},"excerpt":{"rendered":"<p>Badania Grundlegende Informationen zum Projekt Geschichte und Erbe der deutschen Minderheit \u2013 Forschungst\u00e4tigkeit im Jahr 2021 Das Projekt \u201eGeschichte und Erbe der deutschen Minderheit \u2013 Forschungst\u00e4tigkeit\u201c wird g\u00e4nzlich aus staatlichen Mitteln finanziert und die Gesamtkosten belaufen sich auf einen Betrag von 90.000 PLN. Die Zuwendung des Ministers des Innern und Verwaltung ist f\u00fcr die T\u00e4tigkeit, [&hellip;]<\/p>\n","protected":false},"author":2,"featured_media":0,"parent":0,"menu_order":0,"comment_status":"closed","ping_status":"closed","template":"","meta":{"site-sidebar-layout":"no-sidebar","site-content-layout":"page-builder","ast-site-content-layout":"","site-content-style":"default","site-sidebar-style":"default","ast-global-header-display":"","ast-banner-title-visibility":"","ast-main-header-display":"","ast-hfb-above-header-display":"","ast-hfb-below-header-display":"","ast-hfb-mobile-header-display":"","site-post-title":"disabled","ast-breadcrumbs-content":"","ast-featured-img":"disabled","footer-sml-layout":"","theme-transparent-header-meta":"","adv-header-id-meta":"","stick-header-meta":"","header-above-stick-meta":"","header-main-stick-meta":"","header-below-stick-meta":"","astra-migrate-meta-layouts":"default","ast-page-background-enabled":"default","ast-page-background-meta":{"desktop":{"background-color":"","background-image":"","background-repeat":"repeat","background-position":"center center","background-size":"auto","background-attachment":"scroll","background-type":"","background-media":"","overlay-type":"","overlay-color":"","overlay-opacity":"","overlay-gradient":""},"tablet":{"background-color":"","background-image":"","background-repeat":"repeat","background-position":"center center","background-size":"auto","background-attachment":"scroll","background-type":"","background-media":"","overlay-type":"","overlay-color":"","overlay-opacity":"","overlay-gradient":""},"mobile":{"background-color":"","background-image":"","background-repeat":"repeat","background-position":"center center","background-size":"auto","background-attachment":"scroll","background-type":"","background-media":"","overlay-type":"","overlay-color":"","overlay-opacity":"","overlay-gradient":""}},"ast-content-background-meta":{"desktop":{"background-color":"var(--ast-global-color-5)","background-image":"","background-repeat":"repeat","background-position":"center center","background-size":"auto","background-attachment":"scroll","background-type":"","background-media":"","overlay-type":"","overlay-color":"","overlay-opacity":"","overlay-gradient":""},"tablet":{"background-color":"var(--ast-global-color-5)","background-image":"","background-repeat":"repeat","background-position":"center center","background-size":"auto","background-attachment":"scroll","background-type":"","background-media":"","overlay-type":"","overlay-color":"","overlay-opacity":"","overlay-gradient":""},"mobile":{"background-color":"var(--ast-global-color-5)","background-image":"","background-repeat":"repeat","background-position":"center center","background-size":"auto","background-attachment":"scroll","background-type":"","background-media":"","overlay-type":"","overlay-color":"","overlay-opacity":"","overlay-gradient":""}},"footnotes":""},"class_list":["post-1503","page","type-page","status-publish","hentry"],"_links":{"self":[{"href":"https:\/\/fzentrum.pl\/de\/wp-json\/wp\/v2\/pages\/1503","targetHints":{"allow":["GET"]}}],"collection":[{"href":"https:\/\/fzentrum.pl\/de\/wp-json\/wp\/v2\/pages"}],"about":[{"href":"https:\/\/fzentrum.pl\/de\/wp-json\/wp\/v2\/types\/page"}],"author":[{"embeddable":true,"href":"https:\/\/fzentrum.pl\/de\/wp-json\/wp\/v2\/users\/2"}],"replies":[{"embeddable":true,"href":"https:\/\/fzentrum.pl\/de\/wp-json\/wp\/v2\/comments?post=1503"}],"version-history":[{"count":9,"href":"https:\/\/fzentrum.pl\/de\/wp-json\/wp\/v2\/pages\/1503\/revisions"}],"predecessor-version":[{"id":1670,"href":"https:\/\/fzentrum.pl\/de\/wp-json\/wp\/v2\/pages\/1503\/revisions\/1670"}],"wp:attachment":[{"href":"https:\/\/fzentrum.pl\/de\/wp-json\/wp\/v2\/media?parent=1503"}],"curies":[{"name":"wp","href":"https:\/\/api.w.org\/{rel}","templated":true}]}}